{"id":978,"date":"2016-03-23T15:46:39","date_gmt":"2016-03-23T15:46:39","guid":{"rendered":"https:\/\/www.simasa.com\/de\/politica-de-privacidad\/"},"modified":"2022-11-30T11:16:02","modified_gmt":"2022-11-30T10:16:02","slug":"politica-de-privacidad","status":"publish","type":"page","link":"https:\/\/www.simasa.com\/de\/politica-de-privacidad\/","title":{"rendered":"Datenschutz"},"content":{"rendered":"<h1>Datenschutzerkl\u00e4rung<\/h1>\n<hr \/>\n<p>Der Schutz Ihrer pers\u00f6nlichen Daten liegt uns sehr am Herzen. An dieser Stelle m\u00f6chten wir Sie daher \u00fcber den Datenschutz in unserem Unternehmen informieren. Ihre personenbezogenen Daten werden ausschlie\u00dflich im Rahmen der spanischen gesetzlichen Datenschutzbestimmungen im Einklang mit Artikel 5 03\/2018 vom 5. Dezember \u00fcber den Schutz personenbezogener Daten (LOPD) und der geltenden EU-Verordnung 2016\/679 \u00a0zum Schutz personenbezogener Daten des Europ\u00e4ischen Parlaments und des Rates vom 27. April 2016 \u00a0verwendet.<\/p>\n<p><strong>Verantwortlicher f\u00fcr die Datenverarbeitung<\/strong><\/p>\n<p>Verantwortlicher f\u00fcr die Datenverarbeitung im Sinne der spanischen gesetzlichen Datenschutzvorschriften und Inhaber der Domain <a href=\"http:\/\/www.simasa.com\">www.simasa.com<\/a> (im Folgenden Website) ist die Handelsgesellschaft <strong>Sociedad Industrial de Maquinaria Andaluza, S.A<\/strong>. (im Folgenden SIMASA.COM) mit Sitz in <strong>C\/ Albu\u00f1ol, Parcela 250 Pol.Ind. Juncaril, 18220-Albolote (GRANADA-SPAIN), USt-IdNr ESA18024919<\/strong> und eingetragen im Handelsregister der Provinz Granada, Band 493, Seite 13, Sektion GR3696 Siebter Eintrag.<\/p>\n<p>Kontaktinformationen:<\/p>\n<ul>\n<li style=\"list-style-type: none;\">\n<ul>\n<li>Telefonnummer: (+34) 958 49 04 10<\/li>\n<li>E-Mail: <a href=\"mailto:info@simasa.com\">customer@simasa.com<\/a><\/li>\n<\/ul>\n<\/li>\n<\/ul>\n<p><strong>Zweck der Verarbeitung und Rechtm\u00e4\u00dfigkeit<\/strong><\/p>\n<p>Im Folgenden erhalten Sie Hinweise \u00fcber Art, Umfang und Zwecke der Erhebung und Verwendung Ihrer personenbezogener Daten sowie Ihre Rechte.<\/p>\n<p>a.- Um Ihnen die angeforderten Informationen zukommen zu lassen und eventuelle Zweifel und Fragen zu kl\u00e4ren, die Sie \u00fcber eine der auf der Website zur Verf\u00fcgung gestellten Kontaktm\u00f6glichkeiten haben. Die Legitimationsgrundlage ist die von Ihnen erteilte Zustimmung. Wenn sich Ihre Anfrage auf die Aus\u00fcbung der Rechte bezieht, \u00fcber die wir Sie nachstehend informieren, oder auf Anspr\u00fcche im Zusammenhang mit unseren Produkten oder Dienstleistungen, ist die Legitimation f\u00fcr die Verarbeitung Ihrer Daten die Erf\u00fcllung rechtlicher Verpflichtungen unsererseits.<\/p>\n<p>Zur Erf\u00fcllung dieser Verpflichtungen k\u00f6nnen wir Ihre Daten an Beh\u00f6rden und Gerichte weitergeben, sofern diese Informationen in Einklang mit den rechtlich geltenden Bestimmungen ben\u00f6tigt werden.<\/p>\n<p>Die Daten werden automatisch in der von uns erstellten und daf\u00fcr vorgesehenen Datenbank gespeichtert, welche ordnungsgem\u00e4ss bei der spanischen Datenschutzbeh\u00f6rde registriert ist.<\/p>\n<p>Die Daten werden f\u00fcr folgende Zwecke gespeichert:<\/p>\n<p>b.- Kundendatenbank: Verarbeitung der Kundendaten, Registrierungsprozesse mit Anwendung von Passw\u00f6rtern f\u00fcr den Zugriff auf www.simasa.com. Versand von Produkten, Korrespondenz, Newsletter \u00fcber unsere Produkte und Dienstleistungen. Die Rechtsgrundlage f\u00fcr die Verarbeitung dieser Daten ist die Ausf\u00fchrung des Kauf- oder Dienstleistungsvertrags, der uns an Sie bindet und die angeforderten Informationen voraussetzt, ohne die eine Ausf\u00fchrung nicht m\u00f6glich w\u00e4re.<\/p>\n<p>&#8211; Kontaktverzeichnis: Als Teil des Personalauswahlprozesses<\/p>\n<p>c.- Wenn Sie uns Ihren Lebenslauf per E-Mail oder \u00fcber das daf\u00fcr vorgesehene Formular unter &#8222;Job &amp; Karriere&#8220; zusenden, erm\u00e4chtigen Sie uns, die von Ihnen zugesandten Unterlagen zu verwenden, um Ihre Kandidatur in einem eventuellen Personalauswahlverfahren zu ber\u00fccksichtigen. Falls Sie nicht ausgew\u00e4hlt werden, k\u00f6nnen wir Ihren Lebenslauf f\u00fcr die Einbeziehung in andere Stellenausschreibungen maximal ein Jahr lang speichern, sofern Sie uns nichts anderes mitteilen. Die rechtm\u00e4\u00dfige Grundlage ist die Zustimmung, die Sie uns geben. Die gesammelten Daten unter der Rubrik &#8222;Job &amp; Karriere&#8220; werden in der Datenbank unter der Rubrik Lebensl\u00e4ufe gespeichert. Diese Daten werden nicht an Dritte weitergegeben sondern dienen ausschlie\u00dflich daf\u00fcr die Kandidaten zu kontaktieren.<\/p>\n<p>Bestimmte Dienstleistungen, die \u00fcber die Website oder \u00fcber Links unter www.simasa.com\/de angeboten werden, k\u00f6nnen besondere Bedingungen mit spezifischen Bestimmungen zum Schutz personenbezogener Daten enthalten wie z.B. bei der Eingabe von Inhalten bzw. beim Erfassen der Daten, wo Sie immer wieder auf Pflichtfelder sto\u00dfen. Pflichtfelder erkennen Sie daran, dass hinter dem Feldnamen ein kleiner Stern * steht. Sollten Sie versuchen den Eintrag zu speichern, ohne diese Felder zu f\u00fcllen, so ist es nicht m\u00f6glich, die angefragte Dienstleistung zu beantragen oder die Informationsanfrage abzuschicken.<\/p>\n<p><strong>Speicherdauer<\/strong><\/p>\n<hr \/>\n<p>Die von Ihnen zur Verf\u00fcgung gestellten Daten werden so lange aufbewahrt, wie ein gegenseitiges Interesse an der Aufrechterhaltung des Zwecks der Verarbeitung besteht. Sie werden gesperrt, wenn sie f\u00fcr den Zweck, f\u00fcr den sie erhoben wurden, nicht mehr erforderlich sind oder wenn Sie Ihr Recht auf Korrektur, L\u00f6schung, Widerruf oder Sperrung der Daten geltend machen. Sollten gesetzliche Vorschriften eine L\u00f6schung nicht zulassen, werden Ihre Daten stattdessen gesperrt, so dass sie nur noch zum Zwecke der zwingenden gesetzlichen Vorschriften zug\u00e4nglich sind. Auf Anforderung teilen wir Ihnen schriftlich entsprechend dem geltenden Recht mit, ob und welche personenbezogenen Daten \u00fcber Sie bei uns gespeichert sind. Nach Ablauf der gesetzlichen Frist werden die Daten mit geeigneten Sicherheitsma\u00dfnahmen vernichtet, um ihre Pseudonymisierung oder vollst\u00e4ndige Vernichtung zu gew\u00e4hrleisten.<\/p>\n<p>Neben der allgemeinen oben beschriebenen Vorgehensweise sind die folgenden Besonderheiten der Datenspeicherung zu beachten:<\/p>\n<ul>\n<li style=\"list-style-type: none;\">\n<ul>\n<li><strong>Kundendaten<\/strong>: 4 Jahre Aufbewahrungsfrist (Art. 66 ff. des Allgemeinen Steuergesetzes (Ley General Tributaria)) und 6 Jahre Aufbewahrungsfrist f\u00fcr Gesch\u00e4ftsb\u00fccher und Rechnungen (Art. 30 des Handelsgesetzbuchs).<\/li>\n<li><strong>In Lebensl\u00e4ufen enthaltene Daten<\/strong>: h\u00f6chstens 1 Jahr f\u00fcr k\u00fcnftige Personalauswahlverfahren, sofern Sie nichts anderes angeben.<\/li>\n<\/ul>\n<\/li>\n<\/ul>\n<ul>\n<li style=\"list-style-type: none;\"><\/li>\n<\/ul>\n<p><strong>Ihre Rechte<\/strong><\/p>\n<hr \/>\n<p>Unsere Datenschutzbestimmungen geben Ihnen die folgenden Rechte in Bezug auf die Datenverarbeitung:<\/p>\n<ul>\n<li style=\"list-style-type: none;\">\n<ul>\n<li>Auskunftsrecht: Sie haben jederzeit das Recht auf unentgeltliche Auskunft \u00fcber Ihre gespeicherten personenbezogenen Daten, deren Herkunft und Empf\u00e4nger und den Zweck der Datenverarbeitung.<\/li>\n<li>Recht auf Berichtigung: Sie k\u00f6nnen die \u00c4nderung Ihrer Daten verlangen, wenn diese unrichtig sind.<\/li>\n<li>Recht auf \u00dcbertragbarkeit: Die M\u00f6glichkeit, eine Kopie der verarbeiteten Daten in einem interoperablen Format zu erhalten.<\/li>\n<li>Das Recht auf Einschr\u00e4nkung der Verarbeitung in den im Gesetz vorgesehenen F\u00e4llen.<\/li>\n<li>Recht auf L\u00f6schung: Verlangen Sie die L\u00f6schung Ihrer Daten, wenn diese zum Zwecke der Datenverarbeitung nicht mehr erforderlich sind.<\/li>\n<li>Widerspruchsrecht: Beantragung der Einstellung der Zusendung kommerzieller Kommunikation unter den angegebenen Bedingungen.<\/li>\n<li>Recht auf Widerruf Ihrer Einwilligung zur Datenverarbeitung.<\/li>\n<\/ul>\n<\/li>\n<\/ul>\n<p>Um diese Rechte auszu\u00fcben, m\u00fcssen Sie einen ausdr\u00fccklichen Antrag zusammen mit einer Kopie Ihres Personalausweises oder eines gleichwertigen Dokuments auf folgendem Wege \u00fcbermitteln:<\/p>\n<ul>\n<li style=\"list-style-type: none;\">\n<ul>\n<li>EMAIL gerichtet an customer@simasa.com Thema <strong>Datenschutz<\/strong>. Diese sollte von der E-Mail-Adresse gesendet werden, die Sie im Formular angegeben haben. Andernfalls kann Ihre Identit\u00e4t nicht ausreichend nachgewiesen werden.<\/li>\n<li><\/li>\n<li>PER POST: Adressiert an: <strong>C\/ Albu\u00f1ol, Parcela 250 Ind. Juncaril, 18220-Albolote ( <\/strong>Granada &#8211; Spanien )<\/li>\n<\/ul>\n<\/li>\n<\/ul>\n<p>Sollten Sie von uns keine frist- und formgerechte Antwort erhalten oder die Antwort nicht zufriedenstellend sein, informieren wir Sie dar\u00fcber, dass die zust\u00e4ndige Aufsichtsbeh\u00f6rde die spanische Datenschutzbeh\u00f6rde (www.aepd.es) ist. Auf deren Website finden Sie eine Reihe von Mustern, die Ihnen bei der Aus\u00fcbung Ihrer Rechte helfen.<\/p>\n<p><strong>Nicht Weitergabe von Daten<\/strong><\/p>\n<hr \/>\n<p>Ihre Daten werden nicht an Dritte weitergegeben, es sei denn, es liegt eine Einverst\u00e4ndniserkl\u00e4rung Ihrerseits vor oder wir sind zur Weitergabe gesetzlich verpflichtet.<\/p>\n<p><strong>Sicherheitsma\u00dfnahmen<\/strong><\/p>\n<hr \/>\n<p>In \u00dcbereinstimmung mit den Bestimmungen der geltenden Vorschriften zum Schutz personenbezogener Daten gem\u00e4\u00df EU-Verordnung 2016\/679 des Europ\u00e4ischen Parlaments und des Rates vom 27. April 2016 und dem spanischen Grundgesetz 3\/2018 vom 5. Dezember \u00fcber den Schutz personenbezogener Daten und zur Gew\u00e4hrleistung der digitalen Rechte, halten wir alle Bestimmungen der EU-Verordnung zum Schutz personenbezogener Daten (DSGVO) und des spanischen Datenschutzgesetzes (LOPD) f\u00fcr die Verarbeitung personenbezogener Daten, die unserer Verantwortung unterliegen sowie die in Artikel 5 des DSGVO beschriebenen Grunds\u00e4tze offensichtlich ein. Die Daten werden rechtm\u00e4\u00dfig, fair und transparent gegen\u00fcber der betroffenen Person behandelt und verarbeitet und nur f\u00fcr die erforderlichen relevanten Zwecke verwendet.<\/p>\n<p>Um den Grunds\u00e4tzen des Datenschutzes durch Technik und datenschutzfreundlichen Voreinstellungen (Privacy by Design und Privacy by Default) Gen\u00fcge zu tun, werden\u00a0unter anderem folgende Ma\u00dfnahmen ergriffen:<\/p>\n<ul>\n<li>dauerhafte Sicherstellung der\u00a0Vertraulichkeit, Integrit\u00e4t, Verf\u00fcgbarkeit und Belastbarkeit der Systeme und Dienste\u00a0im Zusammenhang mit der Verarbeitung<\/li>\n<li>Wiederherstellung des Zugangs zu den personenbezogenen Daten\u00a0bei einem physischen oder technischen Zwischenfall<\/li>\n<li>Verfahren zur regelm\u00e4\u00dfigen \u00dcberpr\u00fcfung, Bewertung und Evaluierung der Wirksamkeit der technischen und organisatorischen Ma\u00dfnahmen<\/li>\n<li>Pseudonymisierung und Verschl\u00fcsselung personenbezogener Daten<\/li>\n<li>Verf\u00fcgbarkeit der personenbezogener Daten<\/li>\n<\/ul>\n<p>Wir haben geeignete technische und organisatorische Ma\u00dfnahmen ergriffen, um die von der DSGVO und der LOPD festgelegten Sicherheitsma\u00dfnahmen anzuwenden, um Ihre Rechte und Freiheiten zu sch\u00fctzen und Ihnen alle notwendigen Informationen zur Verf\u00fcgung zu stellen, damit Sie Ihre Rechte aus\u00fcben k\u00f6nnen. Wir haben alle uns zur Verf\u00fcgung stehenden technischen Mittel und Ma\u00dfnahmen installiert, um den Verlust, den Missbrauch, die Ver\u00e4nderung, den unbefugten Zugriff und den Diebstahl der uns von Ihnen zur Verf\u00fcgung gestellten personenbezogenen Daten zu verhindern. Sie sollten sich jedoch bewusst sein, dass die Sicherheitsma\u00dfnahmen im Internet nicht un\u00fcberwindbar sind.<\/p>\n<p><strong>Minderj\u00e4hrige<\/strong><\/p>\n<hr \/>\n<p>Der Zugang zu und die Nutzung des Portals durch Minderj\u00e4hrige (unter 14 Jahren) ist verboten. Wir sind nicht verantwortlich f\u00fcr den Wahrheitsgehalt und die Richtigkeit der von Ihnen gemachten Angaben. Wenn Sie Minderj\u00e4hrige in Ihrer Obhut haben, liegt es in Ihrer alleinigen Verantwortung zu bestimmen, welche Dienste und\/oder Inhalte f\u00fcr deren Alter geeignet sind oder nicht.<\/p>\n<p>Wir erinnern Sie daran, dass es Computerprogramme gibt, die es Ihnen erm\u00f6glichen, den Zugang zu bestimmten Inhalten und Diensten zu filtern und zu sperren und zu entscheiden, welche Inhalte und Dienste auf den Websites f\u00fcr Minderj\u00e4hrige zug\u00e4nglich sind und welche nicht.<\/p>\n<p><strong>Datenschutzerkl\u00e4rung soziale Netzwerke<\/strong><\/p>\n<hr \/>\n<p>Unsere Social\u2013Media\u2013Auftritte<\/p>\n<p>Wir unterhalten \u00f6ffentlich zug\u00e4ngliche Profile in sozialen Netzwerken. Die im Einzelnen von uns genutzten sozialen Netzwerke finden Sie weiter unten. Die Daten werden ausschlie\u00dflich f\u00fcr die Zwecke verwendet, die das soziale Netzwerk erlaubt. Auf diese Weise k\u00f6nnen wir Sie mit allen zul\u00e4ssigen Mitteln \u00fcber unsere Neuigkeiten, Aktivit\u00e4ten und Werbeaktionen informieren. In keinem Fall werden wir Daten extrahieren, es sei denn, wir erhalten Ihre spezifische und ausdr\u00fcckliche Zustimmung dazu. Wenn aufgrund der Natur sozialer Netzwerke die wirksame Aus\u00fcbung Ihrer Rechte als Follower von der \u00c4nderung Ihres pers\u00f6nlichen Profils abh\u00e4ngt, werden wir Sie dabei nach besten Kr\u00e4ften unterst\u00fctzen und beraten.<\/p>\n<p><strong>Dauer und \u00c4nderung der Datenschutzbestimmungen<\/strong><\/p>\n<hr \/>\n<p>Wir behalten uns das Recht vor, diese Datenschutzbestimmungen ganz oder teilweise zu \u00e4ndern, indem wir die \u00c4nderungen auf der Website ver\u00f6ffentlichen. Ebenso k\u00f6nnen wir ohne vorherige Ank\u00fcndigung sowohl den Inhalt und die angebotenen Dienstleistungen als auch die Art und Weise, wie sie pr\u00e4sentiert werden, \u00e4ndern, l\u00f6schen oder hinzuf\u00fcgen. Folglich gelten die zum Zeitpunkt des Zugriffs ver\u00f6ffentlichten allgemeinen Nutzungsbedingungen und Richtlinien als g\u00fcltig, so dass Sie diese regelm\u00e4\u00dfig lesen sollten.<\/p>\n<p>Ungeachtet dessen k\u00f6nnen wir den Zugang zu den Inhalten der Website jederzeit und ohne Vorank\u00fcndigung beenden, aussetzen oder unterbrechen, ohne dass die Nutzer Anspruch auf irgendeine Entsch\u00e4digung haben.<\/p>\n<p>&nbsp;<\/p>\n<p>&nbsp;<\/p>\n","protected":false},"excerpt":{"rendered":"<p>Datenschutzerkl\u00e4rung Der Schutz Ihrer pers\u00f6nlichen Daten liegt uns sehr am Herzen. An dieser Stelle m\u00f6chten wir Sie daher \u00fcber den Datenschutz in unserem Unternehmen informieren. Ihre personenbezogenen Daten werden ausschlie\u00dflich im Rahmen der spanischen gesetzlichen Datenschutzbestimmungen im Einklang mit Artikel 5 03\/2018 vom 5. Dezember \u00fcber den Schutz personenbezogener Daten (LOPD) und der geltenden EU-Verordnung [&hellip;]<\/p>\n","protected":false},"author":1,"featured_media":9388,"parent":0,"menu_order":0,"comment_status":"closed","ping_status":"closed","template":"template-tipo.php","meta":{"_acf_changed":false,"footnotes":""},"class_list":["post-978","page","type-page","status-publish","has-post-thumbnail","hentry"],"acf":[],"yoast_head":"<!-- This site is optimized with the Yoast SEO plugin v27.4 - https:\/\/yoast.com\/product\/yoast-seo-wordpress\/ -->\n<title>Datenschutz | Sima<\/title>\n<meta name=\"robots\" content=\"noindex, follow\" \/>\n<meta property=\"og:locale\" content=\"de_DE\" \/>\n<meta property=\"og:type\" content=\"article\" \/>\n<meta property=\"og:title\" content=\"Datenschutz | Sima\" \/>\n<meta property=\"og:description\" content=\"Datenschutzerkl\u00e4rung Der Schutz Ihrer pers\u00f6nlichen Daten liegt uns sehr am Herzen. An dieser Stelle m\u00f6chten wir Sie daher \u00fcber den Datenschutz in unserem Unternehmen informieren. Ihre personenbezogenen Daten werden ausschlie\u00dflich im Rahmen der spanischen gesetzlichen Datenschutzbestimmungen im Einklang mit Artikel 5 03\/2018 vom 5. Dezember \u00fcber den Schutz personenbezogener Daten (LOPD) und der geltenden EU-Verordnung [&hellip;]\" \/>\n<meta property=\"og:url\" content=\"https:\/\/www.simasa.com\/de\/politica-de-privacidad\/\" \/>\n<meta property=\"og:site_name\" content=\"Sima\" \/>\n<meta property=\"article:modified_time\" content=\"2022-11-30T10:16:02+00:00\" \/>\n<meta property=\"og:image\" content=\"https:\/\/www.simasa.com\/wp-content\/uploads\/2017\/12\/Fachada_1800-1-e1514479633726.jpg\" \/>\n\t<meta property=\"og:image:width\" content=\"1800\" \/>\n\t<meta property=\"og:image:height\" content=\"391\" \/>\n\t<meta property=\"og:image:type\" content=\"image\/jpeg\" \/>\n<meta name=\"twitter:card\" content=\"summary_large_image\" \/>\n<meta name=\"twitter:label1\" content=\"Gesch\u00e4tzte Lesezeit\" \/>\n\t<meta name=\"twitter:data1\" content=\"8\u00a0Minuten\" \/>\n<script type=\"application\/ld+json\" class=\"yoast-schema-graph\">{\"@context\":\"https:\\\/\\\/schema.org\",\"@graph\":[{\"@type\":\"WebPage\",\"@id\":\"https:\\\/\\\/www.simasa.com\\\/de\\\/politica-de-privacidad\\\/\",\"url\":\"https:\\\/\\\/www.simasa.com\\\/de\\\/politica-de-privacidad\\\/\",\"name\":\"Datenschutz | Sima\",\"isPartOf\":{\"@id\":\"https:\\\/\\\/www.simasa.com\\\/de\\\/#website\"},\"primaryImageOfPage\":{\"@id\":\"https:\\\/\\\/www.simasa.com\\\/de\\\/politica-de-privacidad\\\/#primaryimage\"},\"image\":{\"@id\":\"https:\\\/\\\/www.simasa.com\\\/de\\\/politica-de-privacidad\\\/#primaryimage\"},\"thumbnailUrl\":\"https:\\\/\\\/www.simasa.com\\\/wp-content\\\/uploads\\\/2017\\\/12\\\/Fachada_1800-1-e1514479633726.jpg\",\"datePublished\":\"2016-03-23T15:46:39+00:00\",\"dateModified\":\"2022-11-30T10:16:02+00:00\",\"breadcrumb\":{\"@id\":\"https:\\\/\\\/www.simasa.com\\\/de\\\/politica-de-privacidad\\\/#breadcrumb\"},\"inLanguage\":\"de\",\"potentialAction\":[{\"@type\":\"ReadAction\",\"target\":[\"https:\\\/\\\/www.simasa.com\\\/de\\\/politica-de-privacidad\\\/\"]}]},{\"@type\":\"ImageObject\",\"inLanguage\":\"de\",\"@id\":\"https:\\\/\\\/www.simasa.com\\\/de\\\/politica-de-privacidad\\\/#primaryimage\",\"url\":\"https:\\\/\\\/www.simasa.com\\\/wp-content\\\/uploads\\\/2017\\\/12\\\/Fachada_1800-1-e1514479633726.jpg\",\"contentUrl\":\"https:\\\/\\\/www.simasa.com\\\/wp-content\\\/uploads\\\/2017\\\/12\\\/Fachada_1800-1-e1514479633726.jpg\",\"width\":1800,\"height\":391},{\"@type\":\"BreadcrumbList\",\"@id\":\"https:\\\/\\\/www.simasa.com\\\/de\\\/politica-de-privacidad\\\/#breadcrumb\",\"itemListElement\":[{\"@type\":\"ListItem\",\"position\":1,\"name\":\"Inicio\",\"item\":\"https:\\\/\\\/www.simasa.com\\\/de\\\/\"},{\"@type\":\"ListItem\",\"position\":2,\"name\":\"Datenschutz\"}]},{\"@type\":\"WebSite\",\"@id\":\"https:\\\/\\\/www.simasa.com\\\/de\\\/#website\",\"url\":\"https:\\\/\\\/www.simasa.com\\\/de\\\/\",\"name\":\"Sima\",\"description\":\"Fabricantes de maquinaria para la construcci\u00f3n\",\"publisher\":{\"@id\":\"https:\\\/\\\/www.simasa.com\\\/de\\\/#organization\"},\"potentialAction\":[{\"@type\":\"SearchAction\",\"target\":{\"@type\":\"EntryPoint\",\"urlTemplate\":\"https:\\\/\\\/www.simasa.com\\\/de\\\/?s={search_term_string}\"},\"query-input\":{\"@type\":\"PropertyValueSpecification\",\"valueRequired\":true,\"valueName\":\"search_term_string\"}}],\"inLanguage\":\"de\"},{\"@type\":\"Organization\",\"@id\":\"https:\\\/\\\/www.simasa.com\\\/de\\\/#organization\",\"name\":\"Sima\",\"url\":\"https:\\\/\\\/www.simasa.com\\\/de\\\/\",\"logo\":{\"@type\":\"ImageObject\",\"inLanguage\":\"de\",\"@id\":\"https:\\\/\\\/www.simasa.com\\\/de\\\/#\\\/schema\\\/logo\\\/image\\\/\",\"url\":\"https:\\\/\\\/www.simasa.com\\\/wp-content\\\/uploads\\\/2016\\\/03\\\/logo-1.jpg\",\"contentUrl\":\"https:\\\/\\\/www.simasa.com\\\/wp-content\\\/uploads\\\/2016\\\/03\\\/logo-1.jpg\",\"width\":121,\"height\":54,\"caption\":\"Sima\"},\"image\":{\"@id\":\"https:\\\/\\\/www.simasa.com\\\/de\\\/#\\\/schema\\\/logo\\\/image\\\/\"}}]}<\/script>\n<!-- \/ Yoast SEO plugin. -->","yoast_head_json":{"title":"Datenschutz | Sima","robots":{"index":"noindex","follow":"follow"},"og_locale":"de_DE","og_type":"article","og_title":"Datenschutz | Sima","og_description":"Datenschutzerkl\u00e4rung Der Schutz Ihrer pers\u00f6nlichen Daten liegt uns sehr am Herzen. An dieser Stelle m\u00f6chten wir Sie daher \u00fcber den Datenschutz in unserem Unternehmen informieren. Ihre personenbezogenen Daten werden ausschlie\u00dflich im Rahmen der spanischen gesetzlichen Datenschutzbestimmungen im Einklang mit Artikel 5 03\/2018 vom 5. Dezember \u00fcber den Schutz personenbezogener Daten (LOPD) und der geltenden EU-Verordnung [&hellip;]","og_url":"https:\/\/www.simasa.com\/de\/politica-de-privacidad\/","og_site_name":"Sima","article_modified_time":"2022-11-30T10:16:02+00:00","og_image":[{"width":1800,"height":391,"url":"https:\/\/www.simasa.com\/wp-content\/uploads\/2017\/12\/Fachada_1800-1-e1514479633726.jpg","type":"image\/jpeg"}],"twitter_card":"summary_large_image","twitter_misc":{"Gesch\u00e4tzte Lesezeit":"8\u00a0Minuten"},"schema":{"@context":"https:\/\/schema.org","@graph":[{"@type":"WebPage","@id":"https:\/\/www.simasa.com\/de\/politica-de-privacidad\/","url":"https:\/\/www.simasa.com\/de\/politica-de-privacidad\/","name":"Datenschutz | Sima","isPartOf":{"@id":"https:\/\/www.simasa.com\/de\/#website"},"primaryImageOfPage":{"@id":"https:\/\/www.simasa.com\/de\/politica-de-privacidad\/#primaryimage"},"image":{"@id":"https:\/\/www.simasa.com\/de\/politica-de-privacidad\/#primaryimage"},"thumbnailUrl":"https:\/\/www.simasa.com\/wp-content\/uploads\/2017\/12\/Fachada_1800-1-e1514479633726.jpg","datePublished":"2016-03-23T15:46:39+00:00","dateModified":"2022-11-30T10:16:02+00:00","breadcrumb":{"@id":"https:\/\/www.simasa.com\/de\/politica-de-privacidad\/#breadcrumb"},"inLanguage":"de","potentialAction":[{"@type":"ReadAction","target":["https:\/\/www.simasa.com\/de\/politica-de-privacidad\/"]}]},{"@type":"ImageObject","inLanguage":"de","@id":"https:\/\/www.simasa.com\/de\/politica-de-privacidad\/#primaryimage","url":"https:\/\/www.simasa.com\/wp-content\/uploads\/2017\/12\/Fachada_1800-1-e1514479633726.jpg","contentUrl":"https:\/\/www.simasa.com\/wp-content\/uploads\/2017\/12\/Fachada_1800-1-e1514479633726.jpg","width":1800,"height":391},{"@type":"BreadcrumbList","@id":"https:\/\/www.simasa.com\/de\/politica-de-privacidad\/#breadcrumb","itemListElement":[{"@type":"ListItem","position":1,"name":"Inicio","item":"https:\/\/www.simasa.com\/de\/"},{"@type":"ListItem","position":2,"name":"Datenschutz"}]},{"@type":"WebSite","@id":"https:\/\/www.simasa.com\/de\/#website","url":"https:\/\/www.simasa.com\/de\/","name":"Sima","description":"Fabricantes de maquinaria para la construcci\u00f3n","publisher":{"@id":"https:\/\/www.simasa.com\/de\/#organization"},"potentialAction":[{"@type":"SearchAction","target":{"@type":"EntryPoint","urlTemplate":"https:\/\/www.simasa.com\/de\/?s={search_term_string}"},"query-input":{"@type":"PropertyValueSpecification","valueRequired":true,"valueName":"search_term_string"}}],"inLanguage":"de"},{"@type":"Organization","@id":"https:\/\/www.simasa.com\/de\/#organization","name":"Sima","url":"https:\/\/www.simasa.com\/de\/","logo":{"@type":"ImageObject","inLanguage":"de","@id":"https:\/\/www.simasa.com\/de\/#\/schema\/logo\/image\/","url":"https:\/\/www.simasa.com\/wp-content\/uploads\/2016\/03\/logo-1.jpg","contentUrl":"https:\/\/www.simasa.com\/wp-content\/uploads\/2016\/03\/logo-1.jpg","width":121,"height":54,"caption":"Sima"},"image":{"@id":"https:\/\/www.simasa.com\/de\/#\/schema\/logo\/image\/"}}]}},"_links":{"self":[{"href":"https:\/\/www.simasa.com\/de\/wp-json\/wp\/v2\/pages\/978","targetHints":{"allow":["GET"]}}],"collection":[{"href":"https:\/\/www.simasa.com\/de\/wp-json\/wp\/v2\/pages"}],"about":[{"href":"https:\/\/www.simasa.com\/de\/wp-json\/wp\/v2\/types\/page"}],"author":[{"embeddable":true,"href":"https:\/\/www.simasa.com\/de\/wp-json\/wp\/v2\/users\/1"}],"replies":[{"embeddable":true,"href":"https:\/\/www.simasa.com\/de\/wp-json\/wp\/v2\/comments?post=978"}],"version-history":[{"count":9,"href":"https:\/\/www.simasa.com\/de\/wp-json\/wp\/v2\/pages\/978\/revisions"}],"predecessor-version":[{"id":10893,"href":"https:\/\/www.simasa.com\/de\/wp-json\/wp\/v2\/pages\/978\/revisions\/10893"}],"wp:featuredmedia":[{"embeddable":true,"href":"https:\/\/www.simasa.com\/de\/wp-json\/wp\/v2\/media\/9388"}],"wp:attachment":[{"href":"https:\/\/www.simasa.com\/de\/wp-json\/wp\/v2\/media?parent=978"}],"curies":[{"name":"wp","href":"https:\/\/api.w.org\/{rel}","templated":true}]}}